{"id":363,"date":"2019-08-25T13:48:49","date_gmt":"2019-08-25T11:48:49","guid":{"rendered":"https:\/\/websites.fraunhofer.de\/suskult\/?page_id=363"},"modified":"2025-02-05T14:14:24","modified_gmt":"2025-02-05T13:14:24","slug":"ueber-uns","status":"publish","type":"page","link":"https:\/\/suskult.de\/index.php\/ueber-uns\/","title":{"rendered":"\u00dcber uns"},"content":{"rendered":"<style type=\"text\/css\"> \n#cmsms_row_69f0b1617fe62 .cmsms_row_outer_parent { \n\tpadding-top: 0px; \n} \n\n#cmsms_row_69f0b1617fe62 .cmsms_row_outer_parent { \n\tpadding-bottom: 50px; \n} \n\n \n#cmsms_divider_69f0b1617feca { \n\tpadding-top:50px; \n\tmargin-bottom:50px; \n} \n \n#cmsms_heading_69f0b1617fedb, #cmsms_heading_69f0b1617fedb a { \n\tfont-weight:400; \n\tfont-style:normal; \n\tmargin-top:0px; \n\tmargin-bottom:20px; \n} \n<\/style><div id=\"cmsms_row_69f0b1617fd8a\" class=\"cmsms_row cmsms_color_scheme_default\">\n<div class=\"cmsms_row_outer_parent\">\n<div class=\"cmsms_row_outer\">\n<div class=\"cmsms_row_inner\">\n<div class=\"cmsms_row_margin\">\n<div class=\"cmsms_column one_first\">\n<div class=\"cmsms_text\">\n<p>&nbsp;<\/p>\n<\/div>\n<\/div>\n<\/div>\n<\/div>\n<\/div>\n<\/div>\n<\/div>\n<div id=\"cmsms_row_69f0b1617fe62\" class=\"cmsms_row cmsms_color_scheme_default\">\n<div class=\"cmsms_row_outer_parent\">\n<div class=\"cmsms_row_outer\">\n<div class=\"cmsms_row_inner\">\n<div class=\"cmsms_row_margin\">\n<div class=\"cmsms_column one_first\">\n<div id=\"cmsms_divider_69f0b1617feca\" class=\"cl\"><\/div>\n<h1 id=\"cmsms_heading_69f0b1617fedb\" class=\"cmsms_heading\">\u00dcber uns<\/h1><div class=\"cmsms_text\">\n<p>Die SUSKULT-Verbundstruktur zeichnet sich durch ausgepr\u00e4gte Inter- und Transdisziplinarit\u00e4t sowie Exzellenz ihrer Verbundpartner aus, was sich in der 1. F\u00f6rderphase als \u00e4u\u00dferst erfolgreich erwiesen hat. In SUSKULT arbeiten die naturwissenschaftlich-technischen Fachdisziplinen eng zusammen mit den Planungswissenschaften, den sozialwissenschaftlichen Disziplinen, Unternehmen und gesellschaftlichen Anspruchsgruppen. In der 2. F\u00f6rderphase wird das Konsortium strategisch erweitert, um zus\u00e4tzliche Expertise f\u00fcr weiterf\u00fchrende und komplement\u00e4re Forschungsfragen zu gewinnen.<\/p>\n<p>&nbsp;<\/p>\n<h2><a href=\"https:\/\/suskult.de\/index.php\/ueber-uns\/ueber-uns-1-foerderphase\/\" target=\"_blank\" rel=\"noopener\">Projektkonsortium 1. F\u00f6rderphase<\/a>\u00a0 \u00a0 \u00a0 \u00a0 \u00a0 \u00a0 \u00a0 \u00a0 \u00a0 \u00a0 \u00a0 \u00a0 \u00a0 \u00a0 \u00a0 \u00a0 \u00a0 \u00a0 \u00a0 \u00a0 \u00a0 \u00a0 \u00a0 \u00a0 \u00a0 \u00a0 <a href=\"https:\/\/suskult.de\/index.php\/projektkonsortium-2-foerderphase\/\" target=\"_blank\" rel=\"noopener\">Projektkonsortium 2. F\u00f6rderphase<\/a><\/h2>\n<p>&nbsp;<\/p>\n<p>&nbsp;<\/p>\n<\/div>\n<\/div>\n<div class=\"cmsms_column one_half\">\n<\/div>\n<\/div>\n<\/div>\n<\/div>\n<\/div>\n<\/div>\n\n","protected":false},"excerpt":{"rendered":"","protected":false},"author":5,"featured_media":0,"parent":0,"menu_order":0,"comment_status":"closed","ping_status":"closed","template":"","meta":{"footnotes":""},"class_list":["post-363","page","type-page","status-publish","hentry"],"_links":{"self":[{"href":"https:\/\/suskult.de\/index.php\/wp-json\/wp\/v2\/pages\/363","targetHints":{"allow":["GET"]}}],"collection":[{"href":"https:\/\/suskult.de\/index.php\/wp-json\/wp\/v2\/pages"}],"about":[{"href":"https:\/\/suskult.de\/index.php\/wp-json\/wp\/v2\/types\/page"}],"author":[{"embeddable":true,"href":"https:\/\/suskult.de\/index.php\/wp-json\/wp\/v2\/users\/5"}],"replies":[{"embeddable":true,"href":"https:\/\/suskult.de\/index.php\/wp-json\/wp\/v2\/comments?post=363"}],"version-history":[{"count":66,"href":"https:\/\/suskult.de\/index.php\/wp-json\/wp\/v2\/pages\/363\/revisions"}],"predecessor-version":[{"id":1805,"href":"https:\/\/suskult.de\/index.php\/wp-json\/wp\/v2\/pages\/363\/revisions\/1805"}],"wp:attachment":[{"href":"https:\/\/suskult.de\/index.php\/wp-json\/wp\/v2\/media?parent=363"}],"curies":[{"name":"wp","href":"https:\/\/api.w.org\/{rel}","templated":true}]}}